{"id":48466,"date":"2025-07-22T10:30:41","date_gmt":"2025-07-22T14:30:41","guid":{"rendered":"https:\/\/edyka.org\/produit\/de-quoi-parle-ton-deficience-intellectuelle\/"},"modified":"2026-04-10T18:32:43","modified_gmt":"2026-04-10T22:32:43","slug":"de-quoi-parle-ton-deficience-intellectuelle","status":"publish","type":"product","link":"https:\/\/edyka.org\/en\/produit\/de-quoi-parle-ton-deficience-intellectuelle\/","title":{"rendered":"De quoi parle t&#8217;on ? &#8211; D\u00e9ficience intellectuelle"},"content":{"rendered":"<p><iframe loading=\"lazy\" title=\"De quoi parle t&#039;on ? - D\u00e9ficience intellectuelle\" width=\"1200\" height=\"675\" src=\"https:\/\/www.youtube.com\/embed\/yx-uE79OO9s?feature=oembed\" frameborder=\"0\" allow=\"accelerometer; autoplay; clipboard-write; encrypted-media; gyroscope; picture-in-picture; web-share\" referrerpolicy=\"strict-origin-when-cross-origin\" allowfullscreen><\/iframe><\/p>\n","protected":false},"excerpt":{"rendered":"<p>Le terme d\u00e9ficience intellectuelle, \u00e9voluant progressivement vers le terme trouble du d\u00e9veloppement intellectuel, fait r\u00e9f\u00e9rence \u00e0 des situations tr\u00e8s diff\u00e9rentes, de la d\u00e9ficience intellectuelle l\u00e9g\u00e8re au polyhandicap. Le Pr. Vincent des Portes apporte un \u00e9clairage sur les diff\u00e9rents degr\u00e9s de handicap qui induisent des besoins sp\u00e9cifiques.<\/p>\n","protected":false},"featured_media":48917,"template":"","meta":[],"product_brand":[],"product_cat":[1081,1086,1118,1078],"product_tag":[],"class_list":{"0":"post-48466","1":"product","2":"type-product","3":"status-publish","4":"has-post-thumbnail","6":"product_cat-french","7":"product_cat-intellectual-disability","8":"product_cat-popularization","9":"product_cat-video-en","11":"first","12":"instock","13":"shipping-taxable","14":"product-type-simple"},"jetpack_sharing_enabled":true,"_links":{"self":[{"href":"https:\/\/edyka.org\/en\/wp-json\/wp\/v2\/product\/48466","targetHints":{"allow":["GET"]}}],"collection":[{"href":"https:\/\/edyka.org\/en\/wp-json\/wp\/v2\/product"}],"about":[{"href":"https:\/\/edyka.org\/en\/wp-json\/wp\/v2\/types\/product"}],"wp:featuredmedia":[{"embeddable":true,"href":"https:\/\/edyka.org\/en\/wp-json\/wp\/v2\/media\/48917"}],"wp:attachment":[{"href":"https:\/\/edyka.org\/en\/wp-json\/wp\/v2\/media?parent=48466"}],"wp:term":[{"taxonomy":"product_brand","embeddable":true,"href":"https:\/\/edyka.org\/en\/wp-json\/wp\/v2\/product_brand?post=48466"},{"taxonomy":"product_cat","embeddable":true,"href":"https:\/\/edyka.org\/en\/wp-json\/wp\/v2\/product_cat?post=48466"},{"taxonomy":"product_tag","embeddable":true,"href":"https:\/\/edyka.org\/en\/wp-json\/wp\/v2\/product_tag?post=48466"}],"curies":[{"name":"wp","href":"https:\/\/api.w.org\/{rel}","templated":true}]}}