{"id":48370,"date":"2025-07-22T10:32:51","date_gmt":"2025-07-22T14:32:51","guid":{"rendered":"https:\/\/edyka.org\/produit\/federation-quebecoise-de-lautisme\/"},"modified":"2026-04-06T18:17:17","modified_gmt":"2026-04-06T22:17:17","slug":"federation-quebecoise-de-lautisme","status":"publish","type":"product","link":"https:\/\/edyka.org\/en\/produit\/federation-quebecoise-de-lautisme\/","title":{"rendered":"F\u00e9d\u00e9ration Qu\u00e9b\u00e9coise de l&#8217;Autisme"},"content":{"rendered":"<blockquote class=\"wp-embedded-content\" data-secret=\"tN5N69ZIKp\"><p><a href=\"https:\/\/www.autisme.qc.ca\/\" rel=\"nofollow noopener\" target=\"_blank\">Accueil<\/a><\/p><\/blockquote>\n<p><iframe loading=\"lazy\" class=\"wp-embedded-content\" sandbox=\"allow-scripts\" security=\"restricted\" style=\"position: absolute; visibility: hidden;\" title=\"&laquo; Accueil &raquo; &#8212; F\u00e9d\u00e9ration qu\u00e9b\u00e9coise de l\u2019autisme\" src=\"https:\/\/www.autisme.qc.ca\/embed\/#?secret=JTrjsAOrPz#?secret=tN5N69ZIKp\" data-secret=\"tN5N69ZIKp\" width=\"600\" height=\"338\" frameborder=\"0\" marginwidth=\"0\" marginheight=\"0\" scrolling=\"no\"><\/iframe><\/p>\n","protected":false},"excerpt":{"rendered":"<p>&#8220;F\u00e9d\u00e9ration Qu\u00e9b\u00e9coise de l&#8217;Autisme&#8221; fournit de l&#8217;information, des ressources et des services aux personnes atteintes d&#8217;autisme, ainsi qu&#8217;\u00e0 leur famille et \u00e0 leurs proches, dans la r\u00e9gion du Qu\u00e9bec. Elle vise \u00e0 promouvoir l&#8217;inclusion sociale et la qualit\u00e9 de vie des personnes autistes. Il comprend des informations sur les diff\u00e9rents types de soutien et les ressources disponibles, des t\u00e9moignages de personnes autistes et de leurs proches, ainsi que des informations sur les activit\u00e9s et \u00e9v\u00e9nements organis\u00e9s par la f\u00e9d\u00e9ration. Il contient \u00e9galement des informations sur les derni\u00e8res recherches, les politiques et les lois en lien avec l&#8217;autisme au Qu\u00e9bec.<\/p>\n","protected":false},"featured_media":48923,"template":"","meta":[],"product_brand":[],"product_cat":[1087,1081,1112,1075],"product_tag":[1119],"class_list":{"0":"post-48370","1":"product","2":"type-product","3":"status-publish","4":"has-post-thumbnail","6":"product_cat-asd","7":"product_cat-french","8":"product_cat-institutional","9":"product_cat-organization","10":"product_tag-editors-pick","12":"first","13":"instock","14":"shipping-taxable","15":"product-type-simple"},"jetpack_sharing_enabled":true,"_links":{"self":[{"href":"https:\/\/edyka.org\/en\/wp-json\/wp\/v2\/product\/48370","targetHints":{"allow":["GET"]}}],"collection":[{"href":"https:\/\/edyka.org\/en\/wp-json\/wp\/v2\/product"}],"about":[{"href":"https:\/\/edyka.org\/en\/wp-json\/wp\/v2\/types\/product"}],"wp:featuredmedia":[{"embeddable":true,"href":"https:\/\/edyka.org\/en\/wp-json\/wp\/v2\/media\/48923"}],"wp:attachment":[{"href":"https:\/\/edyka.org\/en\/wp-json\/wp\/v2\/media?parent=48370"}],"wp:term":[{"taxonomy":"product_brand","embeddable":true,"href":"https:\/\/edyka.org\/en\/wp-json\/wp\/v2\/product_brand?post=48370"},{"taxonomy":"product_cat","embeddable":true,"href":"https:\/\/edyka.org\/en\/wp-json\/wp\/v2\/product_cat?post=48370"},{"taxonomy":"product_tag","embeddable":true,"href":"https:\/\/edyka.org\/en\/wp-json\/wp\/v2\/product_tag?post=48370"}],"curies":[{"name":"wp","href":"https:\/\/api.w.org\/{rel}","templated":true}]}}