{"id":48233,"date":"2025-07-22T10:35:17","date_gmt":"2025-07-22T14:35:17","guid":{"rendered":"https:\/\/edyka.org\/produit\/aqd-association-quebecoise-pour-la-douance\/"},"modified":"2026-04-11T20:59:19","modified_gmt":"2026-04-12T00:59:19","slug":"aqd-association-quebecoise-pour-la-douance","status":"publish","type":"product","link":"https:\/\/edyka.org\/en\/produit\/aqd-association-quebecoise-pour-la-douance\/","title":{"rendered":"AQD Association Qu\u00e9b\u00e9coise pour la Douance"},"content":{"rendered":"<blockquote class=\"wp-embedded-content\" data-secret=\"Xo10Qdq7zd\"><p><a href=\"https:\/\/www.aqdouance.org\/douance-et-haut-potentiel-association-quebecoise-pour-la-douance\/\" rel=\"nofollow noopener\" target=\"_blank\">La douance<\/a><\/p><\/blockquote>\n<p><iframe loading=\"lazy\" class=\"wp-embedded-content\" sandbox=\"allow-scripts\" security=\"restricted\" style=\"position: absolute; visibility: hidden;\" title=\"\u00ab\u00a0La douance\u00a0\u00bb &#8212; Association Qu&eacute;b&eacute;coise pour la Douance\" src=\"https:\/\/www.aqdouance.org\/douance-et-haut-potentiel-association-quebecoise-pour-la-douance\/embed\/#?secret=2AdKdNOTas#?secret=Xo10Qdq7zd\" data-secret=\"Xo10Qdq7zd\" width=\"600\" height=\"338\" frameborder=\"0\" marginwidth=\"0\" marginheight=\"0\" scrolling=\"no\"><\/iframe><\/p>\n","protected":false},"excerpt":{"rendered":"<p>L\u2019Association qu\u00e9b\u00e9coise pour la douance (AQD), fond\u00e9e en 2017, r\u00e9unit des professionnels de la sant\u00e9 et de l\u2019\u00e9ducation ainsi que des adultes concern\u00e9s par la douance et ayant \u00e0 c\u0153ur le bien\u00eatre et l\u2019\u00e9panouissement des enfants et des adultes dou\u00e9s du Qu\u00e9bec, c\u2019est-\u00e0-dire ayant un haut potentiel intellectuel et cr\u00e9atif.<\/p>\n","protected":false},"featured_media":48893,"template":"","meta":[],"product_brand":[],"product_cat":[1081,1083,1112,1075],"product_tag":[],"class_list":{"0":"post-48233","1":"product","2":"type-product","3":"status-publish","4":"has-post-thumbnail","6":"product_cat-french","7":"product_cat-giftedness","8":"product_cat-institutional","9":"product_cat-organization","11":"first","12":"instock","13":"shipping-taxable","14":"product-type-simple"},"jetpack_sharing_enabled":true,"_links":{"self":[{"href":"https:\/\/edyka.org\/en\/wp-json\/wp\/v2\/product\/48233","targetHints":{"allow":["GET"]}}],"collection":[{"href":"https:\/\/edyka.org\/en\/wp-json\/wp\/v2\/product"}],"about":[{"href":"https:\/\/edyka.org\/en\/wp-json\/wp\/v2\/types\/product"}],"wp:featuredmedia":[{"embeddable":true,"href":"https:\/\/edyka.org\/en\/wp-json\/wp\/v2\/media\/48893"}],"wp:attachment":[{"href":"https:\/\/edyka.org\/en\/wp-json\/wp\/v2\/media?parent=48233"}],"wp:term":[{"taxonomy":"product_brand","embeddable":true,"href":"https:\/\/edyka.org\/en\/wp-json\/wp\/v2\/product_brand?post=48233"},{"taxonomy":"product_cat","embeddable":true,"href":"https:\/\/edyka.org\/en\/wp-json\/wp\/v2\/product_cat?post=48233"},{"taxonomy":"product_tag","embeddable":true,"href":"https:\/\/edyka.org\/en\/wp-json\/wp\/v2\/product_tag?post=48233"}],"curies":[{"name":"wp","href":"https:\/\/api.w.org\/{rel}","templated":true}]}}