{"id":48192,"date":"2025-07-22T10:30:08","date_gmt":"2025-07-22T14:30:08","guid":{"rendered":"https:\/\/edyka.org\/produit\/hauts-potentiels-et-troubles-specifiques-des-apprentissages\/"},"modified":"2026-04-11T21:28:56","modified_gmt":"2026-04-12T01:28:56","slug":"hauts-potentiels-et-troubles-specifiques-des-apprentissages","status":"publish","type":"product","link":"https:\/\/edyka.org\/en\/produit\/hauts-potentiels-et-troubles-specifiques-des-apprentissages\/","title":{"rendered":"Hauts potentiels et Troubles Sp\u00e9cifiques des Apprentissages"},"content":{"rendered":"<p><a href=\"https:\/\/hautpotentielquebec.org\/ressources\/Memoire-C.-Mann-Kiefer-EHP-et-TSA.pdf\" rel=\"nofollow\">https:\/\/hautpotentielquebec.org\/ressources\/Memoire-C.-Mann-Kiefer-EHP-et-TSA.pdf<\/a><\/p>\n","protected":false},"excerpt":{"rendered":"<p>Cet article explique comment les enfants \u00e0 haut potentiel peuvent \u00e9galement souffrir de troubles sp\u00e9cifiques des apprentissages tels que la dyslexie ou la dyscalculie. Il souligne que ces enfants ont souvent besoin d&#8217;un accompagnement adapt\u00e9 pour r\u00e9ussir \u00e0 l&#8217;\u00e9cole et que leur potentiel peut \u00eatre masqu\u00e9 par ces troubles. Il est important de les identifier et de les prendre en compte pour leur permettre de r\u00e9aliser leur plein potentiel.<\/p>\n","protected":false},"featured_media":48893,"template":"","meta":[],"product_brand":[],"product_cat":[1081,1083,1116,1077],"product_tag":[],"class_list":{"0":"post-48192","1":"product","2":"type-product","3":"status-publish","4":"has-post-thumbnail","6":"product_cat-french","7":"product_cat-giftedness","8":"product_cat-scientific","9":"product_cat-text","11":"first","12":"instock","13":"shipping-taxable","14":"product-type-simple"},"jetpack_sharing_enabled":true,"_links":{"self":[{"href":"https:\/\/edyka.org\/en\/wp-json\/wp\/v2\/product\/48192","targetHints":{"allow":["GET"]}}],"collection":[{"href":"https:\/\/edyka.org\/en\/wp-json\/wp\/v2\/product"}],"about":[{"href":"https:\/\/edyka.org\/en\/wp-json\/wp\/v2\/types\/product"}],"wp:featuredmedia":[{"embeddable":true,"href":"https:\/\/edyka.org\/en\/wp-json\/wp\/v2\/media\/48893"}],"wp:attachment":[{"href":"https:\/\/edyka.org\/en\/wp-json\/wp\/v2\/media?parent=48192"}],"wp:term":[{"taxonomy":"product_brand","embeddable":true,"href":"https:\/\/edyka.org\/en\/wp-json\/wp\/v2\/product_brand?post=48192"},{"taxonomy":"product_cat","embeddable":true,"href":"https:\/\/edyka.org\/en\/wp-json\/wp\/v2\/product_cat?post=48192"},{"taxonomy":"product_tag","embeddable":true,"href":"https:\/\/edyka.org\/en\/wp-json\/wp\/v2\/product_tag?post=48192"}],"curies":[{"name":"wp","href":"https:\/\/api.w.org\/{rel}","templated":true}]}}