{"id":47930,"date":"2025-07-22T10:35:04","date_gmt":"2025-07-22T14:35:04","guid":{"rendered":"https:\/\/edyka.org\/produit\/la-deficience-intellectuelle-weebly\/"},"modified":"2026-04-10T18:27:47","modified_gmt":"2026-04-10T22:27:47","slug":"la-deficience-intellectuelle-weebly","status":"publish","type":"product","link":"https:\/\/edyka.org\/en\/produit\/la-deficience-intellectuelle-weebly\/","title":{"rendered":"La d\u00e9ficience intellectuelle weebly"},"content":{"rendered":"<p><a href=\"https:\/\/ladeficienceintellectuelle.weebly.com\/di-leacutegegravere.html\" rel=\"nofollow\">https:\/\/ladeficienceintellectuelle.weebly.com\/di-leacutegegravere.html<\/a><\/p>\n","protected":false},"excerpt":{"rendered":"<p>Ce site web pr\u00e9sente une grande quantit\u00e9 d&#8217;informations sur la d\u00e9ficience intellectuelle, ainsi que de nombreuses ressources concernant diff\u00e9rentes associations et maisons de r\u00e9pit. De plus, on retrouve de la documentation g\u00e9n\u00e9rale sur diff\u00e9rents aspects reli\u00e9s \u00e0 la d\u00e9ficience intellectuelle.<\/p>\n","protected":false},"featured_media":48917,"template":"","meta":[],"product_brand":[],"product_cat":[1081,1086,1074,1118],"product_tag":[],"class_list":{"0":"post-47930","1":"product","2":"type-product","3":"status-publish","4":"has-post-thumbnail","6":"product_cat-french","7":"product_cat-intellectual-disability","8":"product_cat-interactive","9":"product_cat-popularization","11":"first","12":"instock","13":"shipping-taxable","14":"product-type-simple"},"jetpack_sharing_enabled":true,"_links":{"self":[{"href":"https:\/\/edyka.org\/en\/wp-json\/wp\/v2\/product\/47930","targetHints":{"allow":["GET"]}}],"collection":[{"href":"https:\/\/edyka.org\/en\/wp-json\/wp\/v2\/product"}],"about":[{"href":"https:\/\/edyka.org\/en\/wp-json\/wp\/v2\/types\/product"}],"wp:featuredmedia":[{"embeddable":true,"href":"https:\/\/edyka.org\/en\/wp-json\/wp\/v2\/media\/48917"}],"wp:attachment":[{"href":"https:\/\/edyka.org\/en\/wp-json\/wp\/v2\/media?parent=47930"}],"wp:term":[{"taxonomy":"product_brand","embeddable":true,"href":"https:\/\/edyka.org\/en\/wp-json\/wp\/v2\/product_brand?post=47930"},{"taxonomy":"product_cat","embeddable":true,"href":"https:\/\/edyka.org\/en\/wp-json\/wp\/v2\/product_cat?post=47930"},{"taxonomy":"product_tag","embeddable":true,"href":"https:\/\/edyka.org\/en\/wp-json\/wp\/v2\/product_tag?post=47930"}],"curies":[{"name":"wp","href":"https:\/\/api.w.org\/{rel}","templated":true}]}}